{"id":363,"date":"2019-05-08T12:13:39","date_gmt":"2019-05-08T10:13:39","guid":{"rendered":"http:\/\/www.tsv-reh.de\/?page_id=363"},"modified":"2020-02-18T13:21:57","modified_gmt":"2020-02-18T11:21:57","slug":"125-jahre-tsv","status":"publish","type":"page","link":"https:\/\/www.tsv-reh.de\/?page_id=363","title":{"rendered":"125 Jahre TSV"},"content":{"rendered":"<p><a href=\"https:\/\/i0.wp.com\/tsv-germania-hohenlimburg-reh-1894-e-v.online.de\/TSVneu\/wp-content\/uploads\/2019\/09\/img_0070-1.jpg\"><img data-recalc-dims=\"1\" loading=\"lazy\" decoding=\"async\" class=\"alignnone size-large wp-image-400\" src=\"https:\/\/i0.wp.com\/tsv-germania-hohenlimburg-reh-1894-e-v.online.de\/TSVneu\/wp-content\/uploads\/2019\/09\/img_0070-1-1024x814.jpg?resize=1024%2C814\" alt=\"\" width=\"1024\" height=\"814\" srcset=\"https:\/\/i0.wp.com\/www.tsv-reh.de\/wp-content\/uploads\/2019\/09\/img_0070-1.jpg?resize=1024%2C814&amp;ssl=1 1024w, https:\/\/i0.wp.com\/www.tsv-reh.de\/wp-content\/uploads\/2019\/09\/img_0070-1.jpg?resize=300%2C239&amp;ssl=1 300w, https:\/\/i0.wp.com\/www.tsv-reh.de\/wp-content\/uploads\/2019\/09\/img_0070-1.jpg?resize=768%2C611&amp;ssl=1 768w, https:\/\/i0.wp.com\/www.tsv-reh.de\/wp-content\/uploads\/2019\/09\/img_0070-1.jpg?w=1036&amp;ssl=1 1036w\" sizes=\"auto, (max-width: 1000px) 100vw, 1000px\" \/><\/a><\/p>\n<p class=\"remove-text-indent\"><b>Hohenlimburg<\/b><span class=\"Apple-converted-space\">\u00a0<\/span>Ehre, wem Ehre geb\u00fchrt. Germania Reh feierte den 125. Gr\u00fcndungstag mit den in Hohenlimburger vertretenden Sportlerinnen und Sportlern aus fast allen ans\u00e4ssigen Vereinen.<\/p>\n<p>So begr\u00fc\u00dfte der 1. Vorsitzende, Jonny Richter, auch sehr launig die mehr als 250 Besucherinnen und Besucher im festlich geschm\u00fcckten Letmather Saalbau, \u00fcbergab den Begr\u00fc\u00dfungsstab an den Stellvertretenden Bezirksb\u00fcrgermeister Mark Krippner, der nicht weniger launig betonte: \u201e125 Jahre TSV Germania Reh \u2013 bedeutet gleicherma\u00dfen 125 Jahre Sportgeist, Tradition und Gemeinschaft. Ist es doch gerade in der heutigen Zeit alles andere als selbstverst\u00e4ndlich, dass Vereine so lange bestehen\u201c.<\/p>\n<p>Nach seiner \u201eoffiziellen\u201c Rede setzte sich Krippner den anderen Hut auf, den des 1. Vorsitzenden des Verbandes f\u00fcr Sport in Hohenlimburg, und \u00fcbergab Jonny Richter einen Briefumschlag.<\/p>\n<div class=\"h3\"><strong>Ehrungen sehr emotional<\/strong><\/div>\n<p>Sehr emotional die Ehrungen, die jeweils mit spontanem, donnernden Applaus bedacht wurden. Der \u201eHerr der Schlossspiele\u201c, Dario Weberg, gl\u00e4nzte nicht nur als gekonnter Conf\u00e9rencier, sondern auch in verschiedenen Charakteren, wie als Komiker Heinz Erhardt oder als Musiker Freddy Quinn, wobei sich der komplette Saal als sehr textsicher entpuppte. Hervorragend seine Interpretation von \u201eMy Way\u201c von Frank Sinatra.<\/p>\n<p><a href=\"https:\/\/i0.wp.com\/tsv-germania-hohenlimburg-reh-1894-e-v.online.de\/TSVneu\/wp-content\/uploads\/2019\/09\/img_1899.jpg\"><img data-recalc-dims=\"1\" loading=\"lazy\" decoding=\"async\" class=\"alignnone size-large wp-image-399\" src=\"https:\/\/i0.wp.com\/tsv-germania-hohenlimburg-reh-1894-e-v.online.de\/TSVneu\/wp-content\/uploads\/2019\/09\/img_1899-1024x576.jpg?resize=1024%2C576\" alt=\"\" width=\"1024\" height=\"576\" srcset=\"https:\/\/i0.wp.com\/www.tsv-reh.de\/wp-content\/uploads\/2019\/09\/img_1899.jpg?resize=1024%2C576&amp;ssl=1 1024w, https:\/\/i0.wp.com\/www.tsv-reh.de\/wp-content\/uploads\/2019\/09\/img_1899.jpg?resize=300%2C169&amp;ssl=1 300w, https:\/\/i0.wp.com\/www.tsv-reh.de\/wp-content\/uploads\/2019\/09\/img_1899.jpg?resize=768%2C432&amp;ssl=1 768w, https:\/\/i0.wp.com\/www.tsv-reh.de\/wp-content\/uploads\/2019\/09\/img_1899.jpg?w=2048&amp;ssl=1 2048w\" sizes=\"auto, (max-width: 1000px) 100vw, 1000px\" \/><\/a><\/p>\n<p>Nach dem Buffet wurde getanzt. Eine Live-Band wusste den musikalischen Nerv zu treffen. Schnell war die Tanzfl\u00e4che gef\u00fcllt. Die Organisatoren k\u00f6nnen stolz auf ihre Geburtstagsfeier sein.<\/p>\n","protected":false},"excerpt":{"rendered":"<p>Hohenlimburg\u00a0Ehre, wem Ehre geb\u00fchrt. Germania Reh feierte den 125. Gr\u00fcndungstag mit den in Hohenlimburger vertretenden Sportlerinnen und Sportlern aus fast allen ans\u00e4ssigen Vereinen. So begr\u00fc\u00dfte der 1. Vorsitzende, Jonny Richter, auch sehr launig die&#46;&#46;&#46;<\/p>\n","protected":false},"author":1,"featured_media":0,"parent":16,"menu_order":0,"comment_status":"closed","ping_status":"closed","template":"","meta":{"footnotes":""},"class_list":["post-363","page","type-page","status-publish","hentry"],"jetpack_shortlink":"https:\/\/wp.me\/P8WhUB-5R","jetpack_sharing_enabled":true,"_links":{"self":[{"href":"https:\/\/www.tsv-reh.de\/index.php?rest_route=\/wp\/v2\/pages\/363","targetHints":{"allow":["GET"]}}],"collection":[{"href":"https:\/\/www.tsv-reh.de\/index.php?rest_route=\/wp\/v2\/pages"}],"about":[{"href":"https:\/\/www.tsv-reh.de\/index.php?rest_route=\/wp\/v2\/types\/page"}],"author":[{"embeddable":true,"href":"https:\/\/www.tsv-reh.de\/index.php?rest_route=\/wp\/v2\/users\/1"}],"replies":[{"embeddable":true,"href":"https:\/\/www.tsv-reh.de\/index.php?rest_route=%2Fwp%2Fv2%2Fcomments&post=363"}],"version-history":[{"count":9,"href":"https:\/\/www.tsv-reh.de\/index.php?rest_route=\/wp\/v2\/pages\/363\/revisions"}],"predecessor-version":[{"id":408,"href":"https:\/\/www.tsv-reh.de\/index.php?rest_route=\/wp\/v2\/pages\/363\/revisions\/408"}],"up":[{"embeddable":true,"href":"https:\/\/www.tsv-reh.de\/index.php?rest_route=\/wp\/v2\/pages\/16"}],"wp:attachment":[{"href":"https:\/\/www.tsv-reh.de\/index.php?rest_route=%2Fwp%2Fv2%2Fmedia&parent=363"}],"curies":[{"name":"wp","href":"https:\/\/api.w.org\/{rel}","templated":true}]}}